{"id":1412,"date":"2012-01-15T02:26:19","date_gmt":"2012-01-15T02:26:19","guid":{"rendered":"http:\/\/uumajalaiset.se\/?page_id=1412"},"modified":"2018-09-24T20:05:24","modified_gmt":"2018-09-24T18:05:24","slug":"ruosufestivaali-2012","status":"publish","type":"page","link":"http:\/\/uumajalaiset.se\/?page_id=1412","title":{"rendered":"Ruosufestivaali 2012"},"content":{"rendered":"<p><span style=\"color: #0000ff;\"><a href=\"http:\/\/uumajalaiset.se\/?attachment_id=1413\" rel=\"attachment wp-att-1413\"><span style=\"color: #0000ff;\"><img loading=\"lazy\" decoding=\"async\" class=\"alignnone  wp-image-1413\" title=\"FeelFinland2012\" alt=\"\" src=\"http:\/\/media.uumajalaiset.se\/2012\/04\/FeelFinland2012.jpg\" width=\"658\" height=\"370\" \/><\/span><\/a><\/span><\/p>\n<h2><span style=\"color: #0000ff;\"><strong>Maanantai\/<em><span style=\"color: #3366ff;\">M\u00e5ndag<\/span><\/em> 16\/4 <\/strong><\/span><\/h2>\n<p><span style=\"color: #0000ff;\"><strong>N\u00e4k\u00f6vammaisten yhdistys pit\u00e4\u00e4 m\u00f6kill\u00e4 avoimet ovet\/<span style=\"color: #3366ff;\"><em> De synskadades f\u00f6rening h\u00e5ller \u00f6ppet hus i Finska Klubbens stuga, <\/em><\/span><\/strong><em>Olle Fiskares v\u00e4g 14\u00a0<\/em><\/span><\/p>\n<p><span style=\"color: #0000ff;\"><strong>10.00<\/strong> Suomen kielen delegaatio tiedottaa oikeuksistasi<span style=\"color: #3366ff;\">\/<em>Finska spr\u00e5kets delegation informerar om dina r\u00e4ttigheter<br \/>\n<\/em><\/span><\/span><a href=\"http:\/\/uumajalaiset.se\/?attachment_id=1530\" rel=\"attachment wp-att-1530\"><img loading=\"lazy\" decoding=\"async\" class=\"alignnone  wp-image-1530\" title=\"RaijaK\u00e4rkk\u00e4inen\" alt=\"\" src=\"http:\/\/media.uumajalaiset.se\/2012\/04\/RaijaK\u00e4rkk\u00e4inen.jpg\" width=\"215\" height=\"114\" \/><\/a><br \/>\n<span style=\"color: #0000ff;\"><strong>11.00 -13.00<\/strong> Ruotsinsuomalaisen liiton toimitsija <strong>Raija K\u00e4rkk\u00e4inen<\/strong>\u00a0on\u00a0vierailee\u00a0m\u00f6kill\u00e4 ja kertoo tiedotuksesta 11-12 .\/<span style=\"color: #3366ff;\"><strong><em>Raija K\u00e4rkk\u00e4inen<\/em><\/strong>,<\/span> \u00a0<span style=\"color: #3366ff;\"><em>Sverigefinska f\u00f6rbundets nya administrat\u00f6r\u00a0med information som\u00a0arbetsomr\u00e5de bes\u00f6ker klubbstugan.<\/em><\/span><br \/>\n<\/span><span style=\"color: #0000ff;\"><strong>12.00<\/strong> Ruokailu (25.00 kr)\/<em><span style=\"color: #3366ff;\">Lunch (25.00 kr)<\/span><\/em><\/span><br \/>\n<span style=\"color: #0000ff;\"><strong>13.00<\/strong> <strong>&#8221;Avoimet ovet&#8221;<\/strong> N\u00e4k\u00f6vammaisten apuv\u00e4lineiden, liiton, piirin ja yhdistyksen esittely. Vieraita Haaparannalta, mm. Pohjoisen piirin pj. <strong>Rauni Huhtaniska<\/strong>, Liiton varapj. <strong>Matti Jatkola <\/strong>(aikaa keskustelulle)\/&#8221;<em><span style=\"color: #3366ff;\"><strong>\u00d6ppet hus&#8221;<\/strong>, Presentation av hj\u00e4lpmedel f\u00f6r synskadade likas\u00e5 presentation av f\u00f6reningen, Norra Sveriges distrikt och De finskspr\u00e5kiga synskadades f\u00f6rbund i Sverige. Bes\u00f6k fr\u00e5n Haparanda, Norra Sveriges distriktsordf\u00f6rande <strong>Rauni Huhtaniska<\/strong> och vice ordf\u00f6rande i f\u00f6rbundet <strong>Matti Jatkola<\/strong> (tid f\u00f6r diskussion)<\/span><\/em><\/span><br \/>\n<span style=\"color: #0000ff;\"><strong>15.00<\/strong> Kahvi\/<em><span style=\"color: #3366ff;\">Kaffe<\/span><\/em><\/span><br \/>\n<span style=\"color: #0000ff;\"><strong>16.00<\/strong> Karaokejumppa, ulkoilua, k\u00e4sit\u00f6it\u00e4 yms<em><span style=\"color: #3366ff;\">.\/Karaokegympa, utevistelse, handarbete mm<\/span><\/em><\/span><br \/>\n<span style=\"color: #0000ff;\"><strong>17.00<\/strong> Ruokailu (40.00 kr)\/<em><span style=\"color: #3366ff;\">Middag (40.00 kr)<\/span><\/em><\/span><br \/>\n<span style=\"color: #0000ff;\"><strong>18.00<\/strong> <strong>Elokuva\/<span style=\"color: #3366ff;\"><em>Film: <\/em><span style=\"color: #0000ff;\">Kaurism\u00e4ki: Mies vailla menneisyytt\u00e4<\/span><\/span><\/strong><\/span><\/p>\n<p><span style=\"color: #0000ff;\"><span style=\"color: #3366ff;\"><a href=\"http:\/\/uumajalaiset.se\/?attachment_id=1414\" rel=\"attachment wp-att-1414\"><img loading=\"lazy\" decoding=\"async\" class=\"alignnone  wp-image-1414\" title=\"ErikBergqvist\" alt=\"\" src=\"http:\/\/media.uumajalaiset.se\/2012\/04\/ErikBergqvist.png\" width=\"176\" height=\"210\" \/><\/a><br \/>\n<\/span><\/span><span style=\"color: #0000ff;\"><strong>klo 18.30 Silta Suomeen\/<em><span style=\"color: #3366ff;\">Bron till Finland!\u00a0<\/span><\/em><\/strong>Erik Bergqvist (s), Region V\u00e4sterbotten, Ume\u00e5 Folkets hus, Rist<\/span><\/p>\n<h2><span style=\"color: #0000ff;\"><a href=\"http:\/\/uumajalaiset.se\/?attachment_id=1415\" rel=\"attachment wp-att-1415\"><img loading=\"lazy\" decoding=\"async\" class=\"alignnone  wp-image-1415\" title=\"feelFinland_rounded_small\" alt=\"\" src=\"http:\/\/media.uumajalaiset.se\/2012\/04\/feelFinland_rounded_small.jpg\" width=\"200\" height=\"117\" srcset=\"http:\/\/media.uumajalaiset.se\/2012\/04\/feelFinland_rounded_small.jpg 200w, http:\/\/media.uumajalaiset.se\/2012\/04\/feelFinland_rounded_small-150x87.jpg 150w\" sizes=\"auto, (max-width: 200px) 100vw, 200px\" \/><\/a><br \/>\n<strong>Tiistai \/<span style=\"color: #3366ff;\"><em>Tisdag<\/em><\/span> 17\/4\u00a0<\/strong><\/span><\/h2>\n<p><span style=\"color: #0000ff;\"><strong>10-18 Feel Finland! M\u00f6kill\u00e4\/<em><span style=\"color: #3366ff;\">Finska Klubbens stuga, <\/span><\/em><\/strong><em><span style=\"color: #3366ff;\">Olle Fiskares v\u00e4g 14 <\/span><\/em><br \/>\n<strong>10.00<\/strong> Suomen kielen delegaatio tiedottaa oikeuksistasi\/<em><span style=\"color: #3366ff;\">Finska spr\u00e5kets delegation informerar om dina r\u00e4ttigheter<br \/>\n<\/span><\/em><\/span><a href=\"http:\/\/uumajalaiset.se\/?attachment_id=1416\" rel=\"attachment wp-att-1416\"><img loading=\"lazy\" decoding=\"async\" class=\"alignnone size-full wp-image-1416\" title=\"Ann-SofiTapani\" alt=\"\" src=\"http:\/\/media.uumajalaiset.se\/2012\/04\/Ann-SofiTapani.png\" width=\"81\" height=\"76\" \/><\/a><br \/>\n<span style=\"color: #0000ff;\"><strong>12.00<\/strong> <strong>Lounastr\u00e4ffit <\/strong>(25.00 kr): Asuntokysymykset ja Suomen TV:n n\u00e4kyvyys Uumajassa, <strong>Ann-Sofi Tapanin, <\/strong>Bostaden AB;n toimitusjohtajan kanssa\/\u00a0<\/span><span style=\"color: #0000ff;\"><em><span style=\"color: #3366ff;\"><strong>Lunchtr\u00e4ff <\/strong>(25.00 kr): med<strong> <\/strong><strong>Ann-Sofi Tapani, <\/strong>vd,\u00a0 Bostaden AB<\/span> <span style=\"color: #3366ff;\">om Bostadsfr\u00e5gor generellt och Finska TV:kanaler i Bostadens grundutbud<\/span><\/em><br \/>\n<strong>15.00<\/strong> <strong>Elokuva\/<em><span style=\"color: #3366ff;\">Film: <\/span><\/em><span style=\"color: #0000ff;\"><a href=\"http:\/\/fi.wikipedia.org\/wiki\/Komisario_Palmu\"><span style=\"color: #0000ff;\">Komisario Palmun erehdys<\/span><\/a><\/span><\/strong><\/span><br \/>\n<span style=\"color: #0000ff;\"><strong>17.00<\/strong>\u00a0Suomalaista kotiruokaa omakustannushintaan\/<em><span style=\"color: #3366ff;\">Finskt hemlagat\u00a0till sj\u00e4lvkostnadspris\u00a0(40.00 kr)<br \/>\n<\/span><\/em><\/span><a href=\"http:\/\/uumajalaiset.se\/?attachment_id=1417\" rel=\"attachment wp-att-1417\"><img loading=\"lazy\" decoding=\"async\" class=\"alignnone  wp-image-1417\" title=\"VeikkoAhvenainen\" alt=\"\" src=\"http:\/\/media.uumajalaiset.se\/2012\/04\/VeikkoAhvenainen.jpg\" width=\"232\" height=\"218\" srcset=\"http:\/\/media.uumajalaiset.se\/2012\/04\/VeikkoAhvenainen.jpg 232w, http:\/\/media.uumajalaiset.se\/2012\/04\/VeikkoAhvenainen-150x140.jpg 150w\" sizes=\"auto, (max-width: 232px) 100vw, 232px\" \/><\/a><br \/>\n<span style=\"color: #0000ff;\"><strong>18.00 Konsetti\/<em><span style=\"color: #3366ff;\">Konsert med<\/span><\/em> Veikko Ahvenainen,<\/strong> Ume\u00e5 Folkets Hus, Studion<\/span><\/p>\n<p><a href=\"http:\/\/uumajalaiset.se\/?attachment_id=1415\" rel=\"attachment wp-att-1415\"><img loading=\"lazy\" decoding=\"async\" title=\"feelFinland_rounded_small\" alt=\"\" src=\"http:\/\/media.uumajalaiset.se\/2012\/04\/feelFinland_rounded_small.jpg\" width=\"200\" height=\"117\" \/><\/a><strong><br \/>\n<span style=\"color: #0000ff;\">Keskiviikko\/<\/span><em><span style=\"color: #0000ff;\"><span style=\"color: #3366ff;\">Onsdag<\/span><\/span><\/em><span style=\"color: #0000ff;\"> 18\/4 <\/span><\/strong><\/p>\n<p><span style=\"color: #0000ff;\"><strong><\/strong><strong>10-18 Feel Finland! M\u00f6kill\u00e4\/<span style=\"color: #3366ff;\"><em>Finska Klubbens stuga, <\/em><\/span><\/strong><em>Olle Fiskares v\u00e4g 14\u00a0<\/em><strong><br \/>\n10.00<\/strong> Suomen kielen delegaatio tiedottaa oikeuksistasi\/<span style=\"color: #3366ff;\"><em>Finska spr\u00e5kets delegation informerar om dina r\u00e4ttigheter<\/em><\/span><br \/>\n<\/span><a href=\"http:\/\/uumajalaiset.se\/?attachment_id=1426\" rel=\"attachment wp-att-1426\"><img loading=\"lazy\" decoding=\"async\" class=\"alignnone  wp-image-1426\" title=\"GunnelLagerqvist\" alt=\"\" src=\"http:\/\/media.uumajalaiset.se\/2012\/04\/GunnelLagerqvist.jpg\" width=\"190\" height=\"81\" \/><\/a><br \/>\n<span style=\"color: #0000ff;\"><strong>12.00<\/strong> <strong>Lounastr\u00e4ffit<\/strong> (25.00 kr) <strong>Gunnel Lagerqvistin<\/strong> kanssa, Miten suomen kieli n\u00e4kyy ruotsalaisessa seurakuntaty\u00f6ss\u00e4, n\u00e4kyyk\u00f6 se ja pit\u00e4isik\u00f6 sen n\u00e4ky\u00e4? Gunnel Lagerqvist\u00a0(c) on Mariakirkon puheenjohtaja\/ <em><span style=\"color: #3366ff;\"><strong>Lunchtr\u00e4ff<\/strong> (25.00 kr) med <strong>Gunnel Lagerqvist<\/strong> (c) ordf\u00f6rande i Mariakyrkan: Hur syns finska spr\u00e5ket i det svenska f\u00f6rsamlingsarbetet, syns det och b\u00f6r det synas?<\/span><br \/>\n<strong>15.00<\/strong> <strong>Elokuva\/<span style=\"color: #3366ff;\"><em>Film: <\/em><\/span><\/strong><\/em><strong><\/strong><\/span><a href=\"http:\/\/fi.wikipedia.org\/wiki\/Komisario_Palmu\"><strong><span style=\"color: #3366ff;\">Kaasua komisario Palmu!<\/span><\/strong><br \/>\n<\/a><span style=\"color: #0000ff;\"><em><strong>17.00<\/strong> Suomalaista kotiruokaa omakustannushintaan\/<span style=\"color: #3366ff;\"><em>Finskt hemlagat till sj\u00e4lvkostnadspris (40.00 kr)<br \/>\n<\/em><\/span><\/em><strong>18.00<\/strong> Uumajan Suomalaisen Kerhon johtokunta pit\u00e4\u00e4 avoimen kokouksen M\u00f6kill\u00e4. Tervetuloa kuuntelemaan!\/<span style=\"color: #3366ff;\"><em>Finska Klubbens styrelse h\u00e5ller ett \u00f6ppet styrelsem\u00f6te i Klubbstugan. V\u00e4lkommen att lyssna!<\/em><\/span><\/span><br \/>\n<strong><span style=\"color: #0000ff;\">18.00 Elokuva\/<span style=\"color: #3366ff;\"><em>Film <\/em><\/span><\/span><span style=\"color: #3366ff;\"><a href=\"http:\/\/fi.wikipedia.org\/wiki\/Katastrofin_aineksia\">John Websterin: Katastrofin aineksia<\/a><\/span><\/strong><\/p>\n<h2><strong><span style=\"color: #0000ff;\"><span style=\"color: #3366ff;\"><a href=\"http:\/\/uumajalaiset.se\/?attachment_id=1415\" rel=\"attachment wp-att-1415\"><img loading=\"lazy\" decoding=\"async\" title=\"feelFinland_rounded_small\" alt=\"\" src=\"http:\/\/media.uumajalaiset.se\/2012\/04\/feelFinland_rounded_small.jpg\" width=\"200\" height=\"117\" \/><\/a><br \/>\nTorstai\/Torsdag 19\/4<\/span><\/span><\/strong><\/h2>\n<p><span style=\"color: #0000ff;\"><strong>10-18 Feel Finland! M\u00f6kill\u00e4\/<em><span style=\"color: #3366ff;\">Finska Klubbens stuga,<\/span><\/em><\/strong> Olle Fiskares v\u00e4g 14 <\/span><br \/>\n<span style=\"color: #0000ff;\"><strong>10.00<\/strong> Suomen kielen delegaatio tiedottaa oikeuksistasi<em><span style=\"color: #3366ff;\">\/Finska spr\u00e5kets delegation informerar om dina r\u00e4ttigheter<\/span><\/em><\/span><br \/>\n<span style=\"color: #0000ff;\"><strong>12.00 Lounastr\u00e4ffit\/<em><span style=\"color: #3366ff;\"><a href=\"http:\/\/fi.wikipedia.org\/wiki\/Komisario_Palmu\">Lunchtr\u00e4ff (25 kr)<\/a><\/span><\/em><\/strong><a href=\"http:\/\/fi.wikipedia.org\/wiki\/Komisario_Palmu\"> :<\/a>\u00a0Yll\u00e4tys Vieras<\/span><strong><span style=\"color: #0000ff;\"><br \/>\n<a href=\"http:\/\/fi.wikipedia.org\/wiki\/Komisario_Palmu\">15.00 Elokuva\/<em><span style=\"color: #3366ff;\">Film; <\/span><\/em><\/a><span style=\"color: #0000ff;\"><a href=\"http:\/\/fi.wikipedia.org\/wiki\/Komisario_Palmu\">T\u00e4hdet kertovat. Komisario Palmu,<\/a><br \/>\n<\/span><\/span><\/strong><span style=\"color: #0000ff;\"><strong>17.00<\/strong> Suomalaista kotiruokaa omakustannushintaan<em><span style=\"color: #3366ff;\">\/Finskt hemlagat till sj\u00e4lvkostnadspris (40.00 kr)<br \/>\n<\/span><\/em><\/span><a href=\"http:\/\/uumajalaiset.se\/?attachment_id=1435\" rel=\"attachment wp-att-1435\"><img loading=\"lazy\" decoding=\"async\" class=\"alignnone size-full wp-image-1435\" title=\"ErpoHeinolainen\" alt=\"\" src=\"http:\/\/media.uumajalaiset.se\/2012\/04\/ErpoHeinolainen.jpg\" width=\"300\" height=\"168\" srcset=\"http:\/\/media.uumajalaiset.se\/2012\/04\/ErpoHeinolainen.jpg 300w, http:\/\/media.uumajalaiset.se\/2012\/04\/ErpoHeinolainen-150x84.jpg 150w\" sizes=\"auto, (max-width: 300px) 100vw, 300px\" \/><\/a><br \/>\n<span style=\"color: #0000ff;\"><strong>19.00<\/strong> Mit\u00e4 on ruotsinsuomalainen kulttuuri, vai onko sit\u00e4? <strong>Runopubi ja kulttuurikeskustelu, Erpo Heinolainen<\/strong> alustaa suomalaisilla runoilla, vieraana Sisuradio Norrlannin reportterit \/<em><span style=\"color: #3366ff;\">Vad \u00e4r sverigefinsk kultur, finns den? <strong>Diktpub<\/strong> och diskussionskv\u00e4ll om sverigefinsk kultur. First shooter <strong>Erpo Heinolainen<\/strong> med finska dikter. Sisuradio Norrlands reportrar g\u00e4star puben<\/span><\/em><\/span><\/p>\n<h2><strong><span style=\"color: #0000ff;\"><span style=\"color: #3366ff;\"><strong><a href=\"http:\/\/uumajalaiset.se\/?attachment_id=1415\" rel=\"attachment wp-att-1415\"><img loading=\"lazy\" decoding=\"async\" title=\"feelFinland_rounded_small\" alt=\"\" src=\"http:\/\/media.uumajalaiset.se\/2012\/04\/feelFinland_rounded_small.jpg\" width=\"200\" height=\"117\" \/><\/a><\/strong><\/span><\/span><\/strong><br \/>\n<span style=\"color: #0000ff;\">Perjantai 20\/4 <\/span><\/h2>\n<p><span style=\"color: #0000ff;\"><strong>10-18 Feel Finland! M\u00f6kill\u00e4\/<span style=\"color: #3366ff;\"><em>Finska Klubbens stuga,<\/em><\/span><\/strong> Olle Fiskares v\u00e4g 14<br \/>\n<strong>10.00<\/strong> Suomen kielen delegaatio tiedottaa oikeuksistasi<span style=\"color: #3366ff;\"><em>\/Finska spr\u00e5kets delegation informerar om dina r\u00e4ttigheter<br \/>\n<\/em><\/span><a href=\"http:\/\/uumajalaiset.se\/?attachment_id=1444\" rel=\"attachment wp-att-1444\"><img loading=\"lazy\" decoding=\"async\" class=\"alignnone  wp-image-1444\" title=\"Eila Horsmaj\u00e4rvi\" alt=\"\" src=\"http:\/\/media.uumajalaiset.se\/2012\/04\/Eila-Horsmaj\u00e4rvi.jpg\" width=\"199\" height=\"95\" \/><\/a><br \/>\n<strong>12.00 <\/strong><strong>Lounastr\u00e4ffit<\/strong> (25.00 kr) kulttuurilautakunnan j\u00e4senen <strong>Eila Horsmaj\u00e4rven<\/strong> (s) kanssa aiheesta Uumaja &#8211; Euroopan kulttuurip\u00e4\u00e4kaupunki 2014 \u00a0<span style=\"color: #3366ff;\">\/<strong><em>Lunchtr\u00e4ff (25 kr)<\/em><\/strong> med <strong>Eila Horsmaj\u00e4rvi<\/strong> om Ume\u00e5 &#8211; Europas kulturhuvudstad 2014<\/span><br \/>\n<strong>15.00 Elokuva\/<span style=\"color: #3366ff;\"><em>Film: <\/em><\/span><\/strong><\/span><strong><\/strong><strong><span style=\"color: #3366ff;\"><a href=\"http:\/\/fi.wikipedia.org\/wiki\/Komisario_Palmu\">Vodkaa, komisario Palmu<\/a><\/span><\/strong><br \/>\n<span style=\"color: #0000ff;\"><strong>17.00<\/strong> Suomalaista kotiruokaa omakustannushintaan<em>\/<span style=\"color: #3366ff;\">Finskt hemlagat till sj\u00e4lvkostnadspris (40.00 kr)<\/span><br \/>\n<\/em><\/span><span style=\"color: #0000ff;\"><strong>18.00<\/strong> <strong>Elokuva\/<span style=\"color: #3366ff;\"><em>Film<\/em> : <a href=\"http:\/\/www.ironsky.net\/site\/\">Ruotsin ensi-ilta\/ <\/a><\/span><em>Biopremi\u00e4r:<\/em><span style=\"color: #3366ff;\"> <a href=\"http:\/\/www.ironsky.net\/site\/\">Iron Sky <\/a><\/span><\/strong><\/span><\/p>\n<p><strong><span style=\"color: #0000ff;\"><span style=\"color: #3366ff;\"><strong><\/strong><strong><a href=\"http:\/\/uumajalaiset.se\/?attachment_id=1415\" rel=\"attachment wp-att-1415\"><img loading=\"lazy\" decoding=\"async\" title=\"feelFinland_rounded_small\" alt=\"\" src=\"http:\/\/media.uumajalaiset.se\/2012\/04\/feelFinland_rounded_small.jpg\" width=\"200\" height=\"117\" \/><\/a><\/strong><\/span><\/span><\/strong><\/p>\n<h2><span style=\"color: #0000ff;\">Lauantai\/<span style=\"color: #3366ff;\">L\u00f6rdag<\/span> 21\/4<\/span><\/h2>\n<p><span style=\"color: #0000ff;\"><strong>10-18 Feel Finland! M\u00f6kill\u00e4\/<span style=\"color: #3366ff;\"><em>Finska Klubbens stuga,<\/em><\/span><\/strong> Olle Fiskares v\u00e4g 14 \u00a0<\/span><br \/>\n<strong><span style=\"color: #0000ff;\">14.00 &#8211; 18.00 M\u00f6kki ja sauna avoinna kaikille, kahvia, kahvileip\u00e4\u00e4 ja virvokketa\/<em><span style=\"color: #3366ff;\">Klubbstugan och bastun \u00f6ppna f\u00f6r allm\u00e4nheten, fikaf\u00f6rs\u00e4ljning<\/span><\/em><\/span><\/strong><br \/>\n<strong><span style=\"color: #0000ff;\">12.00 -14.00 Lauantaikerho: Lasten filmi\/<em><span style=\"color: #3366ff;\">L\u00f6rdagsklubben, barnfilm; <\/span><\/em><span style=\"color: #3366ff;\"><a href=\"http:\/\/fi.wikipedia.org\/wiki\/Risto_R%C3%A4pp%C3%A4%C3%A4j%C3%A4_ja_polkupy%C3%B6r%C3%A4varas\">Risto r\u00e4pp\u00e4\u00e4j\u00e4 ja polkupy\u00f6r\u00e4varas<\/a><\/span><\/span><\/strong><br \/>\n<strong><span style=\"color: #0000ff;\">15.00 Elokuva\/<span style=\"color: #3366ff;\"><em>Film<\/em>\u00a0: <\/span><\/span><\/strong><strong><span style=\"color: #0000ff;\"><span style=\"color: #3366ff;\"><a href=\"http:\/\/fi.wikipedia.org\/wiki\/Kuulustelu_(elokuva)\">J\u00f6rn Donner: Kuulustelu<\/a><\/span><br \/>\n<\/span><\/strong><strong><span style=\"color: #0000ff;\">18.00 Karaokeilta M\u00f6kill\u00e4\/<span style=\"color: #3366ff;\">Karaokekv\u00e4ll, finska l\u00e5tar<\/span><\/span><\/strong><span style=\"color: #0000ff;\"><a href=\"http:\/\/uumajalaiset.se\/?attachment_id=1445\" rel=\"attachment wp-att-1445\"><img loading=\"lazy\" decoding=\"async\" class=\"alignnone size-full wp-image-1445\" title=\"Frida Hyv\u00f6nen\" alt=\"\" src=\"http:\/\/media.uumajalaiset.se\/2012\/04\/Frida-Hyv\u00f6nen.png\" width=\"257\" height=\"196\" srcset=\"http:\/\/media.uumajalaiset.se\/2012\/04\/Frida-Hyv\u00f6nen.png 257w, http:\/\/media.uumajalaiset.se\/2012\/04\/Frida-Hyv\u00f6nen-150x114.png 150w\" sizes=\"auto, (max-width: 257px) 100vw, 257px\" \/><\/a><br \/>\nFrida Hyv\u00f6sen kolmas albumi ilmestyy Ruosufestivaaliviikon keskiviikkona ja Ruosufestivaaliviikon lauantaina 21.4 h\u00e4n esiintyy Sagateatterissa Uumajassa <a href=\"http:\/\/www.humlan.org\/humlan\/kalender\/\">kulttuuriyhdistys Humlan j\u00e4rjest\u00e4m\u00e4ss\u00e4 konsertissa.<\/a> <span style=\"color: #3366ff;\">\/<em>Frida Hyv\u00f6nens treje album kommer ut p\u00e5 onsdag under Sverigefinsk Festival och p\u00e5 l\u00f6rdag 21\/4 upptr\u00e4der hon i Sagateatern, <a href=\"http:\/\/www.humlan.org\/humlan\/kalender\/\">arrang\u00f6r Kulturf\u00f6reningen Humlan, <\/a>entre 250kr<\/em><\/span><\/span><\/p>\n<p><strong><span style=\"color: #0000ff;\"><span style=\"color: #3366ff;\"><strong><a href=\"http:\/\/uumajalaiset.se\/?attachment_id=1415\" rel=\"attachment wp-att-1415\"><img loading=\"lazy\" decoding=\"async\" title=\"feelFinland_rounded_small\" alt=\"\" src=\"http:\/\/media.uumajalaiset.se\/2012\/04\/feelFinland_rounded_small.jpg\" width=\"200\" height=\"117\" \/><\/a><\/strong><\/span><\/span><\/strong><\/p>\n<p><strong><span style=\"color: #0000ff;\">Sunnuntai 22\/4<br \/>\n15.00 Radio Usura, 102,3 Mhz<\/span><\/strong><br \/>\n<strong><span style=\"color: #0000ff;\">18.00 Elokuva\/<span style=\"color: #3366ff;\"><em>Film:<\/em><\/span> <a href=\"http:\/\/www.film-o-holic.com\/arvostelut\/kolme-viisasta-miesta\/\">Mika Kaurism\u00e4ki: Kolme viisasta miest\u00e4<\/a><\/span><\/strong><\/p>\n<p><strong><span style=\"color: #0000ff;\"><span style=\"color: #3366ff;\"><strong><\/strong><strong><a href=\"http:\/\/uumajalaiset.se\/?attachment_id=1415\" rel=\"attachment wp-att-1415\"><img loading=\"lazy\" decoding=\"async\" title=\"feelFinland_rounded_small\" alt=\"\" src=\"http:\/\/media.uumajalaiset.se\/2012\/04\/feelFinland_rounded_small.jpg\" width=\"200\" height=\"117\" \/><\/a><\/strong><\/span><\/span><\/strong><\/p>\n<p><span style=\"color: #0000ff;\">Kaikki tilaisuudet, jos muuta ei sanota, ovat Uumajan Suomalaisen Kerhon m\u00f6kill\u00e4, Olle Fiskares v\u00e4g 14 puh 090-196204<\/span><\/p>\n<p><span style=\"color: #0000ff;\">M\u00f6kki on auki joka p\u00e4iv\u00e4 maanantaista perjantaihinv\u00e4hint\u00e4\u00e4n\u00a0 klo 10.00 &#8211; 18.00. Lounastr\u00e4ffit ti-pe klo12.00. Lounaan hinta 25 kr. Klo 17.00 on tarjolla suomalaista kotiruokaa 40 kr. Karjalanpiirakoita ja leivonnaisia myynniss\u00e4 m\u00f6kin aukioloaikoina.<\/span><\/p>\n<p><strong><\/strong><strong><\/strong><strong><a href=\"http:\/\/uumajalaiset.se\/?attachment_id=1415\" rel=\"attachment wp-att-1415\"><img loading=\"lazy\" decoding=\"async\" title=\"feelFinland_rounded_small\" alt=\"\" src=\"http:\/\/media.uumajalaiset.se\/2012\/04\/feelFinland_rounded_small.jpg\" width=\"200\" height=\"117\" \/><\/a><\/strong><\/p>\n<h1><span style=\"color: #0000ff;\"><strong>Helluntaikirkossa<\/strong><\/span><\/h1>\n<p><span style=\"color: #0000ff;\"><a href=\"http:\/\/uumajalaiset.se\/?attachment_id=1452\" rel=\"attachment wp-att-1452\"><img loading=\"lazy\" decoding=\"async\" title=\"Jorma lappalainen\" alt=\"\" src=\"http:\/\/media.uumajalaiset.se\/2012\/04\/Jorma-lappalainen.jpg\" width=\"288\" height=\"512\" \/><\/a><br \/>\novat 20-22.4.2012 vieraana <strong>Pastori Jorma Lappalainen<\/strong> haitarinsa kanssa, Kolarista ja\u00a0 <strong>Alf Nordvall,<\/strong> G\u00e4llivaarasta Tilaisuudet ovat Pe klo 19.00, la klo 16.00 ja 18,00 sek\u00e4 su klo 16.00 ja 18.00.os. Kungsgatan 83<\/span><br \/>\n<span style=\"color: #0000ff;\">TERVETULOA!<\/span><br \/>\n<em><span style=\"color: #3366ff;\">Pingstkyrkan har 20-22.4.2012 bes\u00f6k av pastor <strong>Jorma Lappalainen<\/strong> med sitt dragspel fr\u00e5n Kolari, Finland, \u00a0och <strong>Alf Nordvall <\/strong>fr\u00e5n G\u00e4llivare. M\u00f6ten \u00e4r fre kl 19.00, l\u00f6rd kl 16.00 och 18.00 och s\u00f6nd kl 16.00 och 18.00, adress Kungsgatan 83.<br \/>\nV\u00c4LKOMNA!<\/span><\/em><\/p>\n<p><a href=\"http:\/\/uumajalaiset.se\/?attachment_id=1511\" rel=\"attachment wp-att-1511\"><img loading=\"lazy\" decoding=\"async\" class=\"alignnone size-full wp-image-1511\" title=\"Iron_sky\" alt=\"\" src=\"http:\/\/media.uumajalaiset.se\/2012\/04\/Iron_sky.jpg\" width=\"137\" height=\"203\" srcset=\"http:\/\/media.uumajalaiset.se\/2012\/04\/Iron_sky.jpg 137w, http:\/\/media.uumajalaiset.se\/2012\/04\/Iron_sky-101x150.jpg 101w\" sizes=\"auto, (max-width: 137px) 100vw, 137px\" \/><\/a><br \/>\n<span style=\"color: #0000ff;\">Ruosufestivaaliviikon perjantaina 18\/4 on <a href=\"http:\/\/fi.wikipedia.org\/wiki\/Iron_Sky\" target=\"_blank\"><span style=\"color: #0000ff;\">Iron Sky <\/span><\/a>elokuvan Ruotsin ensi-ilta elokuvateattereissa. Iron Sky on samantapainen elokuva kun aikaisemmin tehty Star Wrek in the Pirkinning, joka oli suomalaista tuotantoa, netist\u00e4 vapaasti ladattava elokuva, suosittu ja puhuttu. Iron Sky kertoo kuuhun paenneista natseista ja heidan aikeistaan valloittaa maailma.\u00a0Tampere rules. \/<span style=\"color: #c0c0c0;\"><span style=\"color: #3366ff;\"><em>Fredag den 18\/4 har filmen Iron Sky premi\u00e4r i biosalongerna, Iron sky har producerats p\u00e5 samma s\u00e4tt som det omtalede Star Wrek in the Pirkinning av samma producenter. Filmen ber\u00e4ttar on nazisterna som hade flytt till baksidan av m\u00e5nen och nu var bredda p\u00e5 att ta \u00f6ver jorden. <a href=\"http:\/\/www.ironsky.net\/site\/\">Trailer.<\/a><\/em><\/span><\/span><\/span><\/p>\n<p><span style=\"color: #0000ff;\">Huom! Pienet poikkeukset ohjelmassa ovat mahdollisia\/<span style=\"color: #3366ff;\"><em>Reservation f\u00f6r sm\u00e4rre f\u00f6r\u00e4ndingar i programmet<\/em><\/span><\/span><\/p>\n","protected":false},"excerpt":{"rendered":"<p>Maanantai\/M\u00e5ndag 16\/4 N\u00e4k\u00f6vammaisten yhdistys pit\u00e4\u00e4 m\u00f6kill\u00e4 avoimet ovet\/ De synskadades f\u00f6rening h\u00e5ller \u00f6ppet hus i Finska Klubbens stuga, Olle Fiskares v\u00e4g 14\u00a0 10.00 Suomen kielen delegaatio tiedottaa oikeuksistasi\/Finska spr\u00e5kets delegation informerar om dina r\u00e4ttigheter 11.00 -13.00 Ruotsinsuomalaisen liiton toimitsija Raija &hellip; <a href=\"http:\/\/uumajalaiset.se\/?page_id=1412\">L\u00e4s mer <span class=\"meta-nav\">&rarr;<\/span><\/a><\/p>\n","protected":false},"author":1,"featured_media":0,"parent":0,"menu_order":0,"comment_status":"closed","ping_status":"closed","template":"","meta":{"footnotes":""},"class_list":["post-1412","page","type-page","status-publish","hentry"],"_links":{"self":[{"href":"http:\/\/uumajalaiset.se\/index.php?rest_route=\/wp\/v2\/pages\/1412","targetHints":{"allow":["GET"]}}],"collection":[{"href":"http:\/\/uumajalaiset.se\/index.php?rest_route=\/wp\/v2\/pages"}],"about":[{"href":"http:\/\/uumajalaiset.se\/index.php?rest_route=\/wp\/v2\/types\/page"}],"author":[{"embeddable":true,"href":"http:\/\/uumajalaiset.se\/index.php?rest_route=\/wp\/v2\/users\/1"}],"replies":[{"embeddable":true,"href":"http:\/\/uumajalaiset.se\/index.php?rest_route=%2Fwp%2Fv2%2Fcomments&post=1412"}],"version-history":[{"count":111,"href":"http:\/\/uumajalaiset.se\/index.php?rest_route=\/wp\/v2\/pages\/1412\/revisions"}],"predecessor-version":[{"id":7870,"href":"http:\/\/uumajalaiset.se\/index.php?rest_route=\/wp\/v2\/pages\/1412\/revisions\/7870"}],"wp:attachment":[{"href":"http:\/\/uumajalaiset.se\/index.php?rest_route=%2Fwp%2Fv2%2Fmedia&parent=1412"}],"curies":[{"name":"wp","href":"https:\/\/api.w.org\/{rel}","templated":true}]}}