{"id":2975,"date":"2012-07-02T20:43:53","date_gmt":"2012-07-02T20:43:53","guid":{"rendered":"http:\/\/uumajalaiset.se\/?page_id=2975"},"modified":"2018-09-24T20:05:23","modified_gmt":"2018-09-24T18:05:23","slug":"kesakahvila-2012","status":"publish","type":"page","link":"https:\/\/uumajalaiset.se\/?page_id=2975","title":{"rendered":"Kes\u00e4kahvila 2012"},"content":{"rendered":"<p>&nbsp;<\/p>\n<ul>\n<li>\n<article id=\"post-3584\">\n<header><a title=\"Permalink to Kes\u00e4taidekahvila sulki ovensa t\u00e4lt\u00e4 kes\u00e4\u00e4\" href=\"http:\/\/uumajalaiset.se\/?p=3605\" rel=\"bookmark\">Kes\u00e4taidekahvila sulki ovensa t\u00e4lt\u00e4 kes\u00e4\u00e4<\/a><\/header>\n<\/article>\n<\/li>\n<li>\n<article>\n<header><a title=\"Permalink to Toiseksi viimeinen kes\u00e4kahvilap\u00e4iv\u00e4\" href=\"http:\/\/uumajalaiset.se\/?p=3584\" rel=\"bookmark\">Toiseksi viimeinen kes\u00e4kahvilap\u00e4iv\u00e4<\/a><\/header>\n<\/article>\n<\/li>\n<li><a title=\"Permalink to Kes\u00e4kahvilan viimeinen keskiviikko\" href=\"http:\/\/uumajalaiset.se\/?p=3557\" rel=\"bookmark\">Kes\u00e4kahvilan viimeinen keskiviikko<\/a><\/li>\n<li><a title=\"Permalink to Tiistaikahvilassa sy\u00f6tiin lohisoppaa\" href=\"http:\/\/uumajalaiset.se\/?p=3542\" rel=\"bookmark\">Tiistaikahvilassa sy\u00f6tiin lohisoppaa<\/a><\/li>\n<li><a title=\"Permalink to Kes\u00e4kahvilan viimeinen maanantai\" href=\"http:\/\/uumajalaiset.se\/?p=3530\" rel=\"bookmark\">Kes\u00e4kahvilan viimeinen maanantai<\/a><\/li>\n<li><a title=\"Permalink to Viikon vilkkain kes\u00e4kahvilap\u00e4iv\u00e4\" href=\"http:\/\/uumajalaiset.se\/?p=3518\" rel=\"bookmark\">Viikon vilkkain kes\u00e4kahvilap\u00e4iv\u00e4<\/a><\/li>\n<li><a title=\"Permalink to Maanantaikahvila\" href=\"http:\/\/uumajalaiset.se\/?p=3511\" rel=\"bookmark\">Maanantaikahvila<\/a><\/li>\n<li><a href=\"http:\/\/uumajalaiset.se\/?p=3495\">Perjantain kahvila<\/a><\/li>\n<li><a title=\"Permalink to Torstaip\u00e4iv\u00e4 kahvilassa\" href=\"http:\/\/uumajalaiset.se\/?p=3481\" rel=\"bookmark\">Torstaip\u00e4iv\u00e4 kahvilassa<\/a><\/li>\n<li><a title=\"Permalink to Keskiviikon kahvilap\u00e4iv\u00e4\" href=\"http:\/\/uumajalaiset.se\/?p=3433\" rel=\"bookmark\">Keskiviikon kahvilap\u00e4iv\u00e4<\/a><\/li>\n<li><a title=\"Permalink to Kes\u00e4kahvilan tiistai oli yhdess\u00e4oloa\" href=\"http:\/\/uumajalaiset.se\/?p=3413\" rel=\"bookmark\">Kes\u00e4kahvilan tiistai oli yhdess\u00e4oloa<\/a><\/li>\n<li><a title=\"Permalink to Nollapiste kes\u00e4kahvilassa\" href=\"http:\/\/uumajalaiset.se\/?p=3398\" rel=\"bookmark\">Nollapiste kes\u00e4kahvilassa<\/a><\/li>\n<li><a title=\"Permalink to J\u00e4tski\u00e4 ja sulkapalloilua perjantain kes\u00e4kahvilassa\" href=\"http:\/\/uumajalaiset.se\/?p=3368\" rel=\"bookmark\">J\u00e4tski\u00e4 ja sulkapalloilua perjantain kes\u00e4kahvilassa<\/a><\/li>\n<li><a title=\"Permalink to Hiljainen torstaip\u00e4iv\u00e4\" href=\"http:\/\/uumajalaiset.se\/?p=3357\" rel=\"bookmark\">Hiljainen torstaip\u00e4iv\u00e4<\/a><\/li>\n<li><a title=\"Permalink to Uusia j\u00e4seni\u00e4 keskiviikkona\" href=\"http:\/\/uumajalaiset.se\/?p=3324\" rel=\"bookmark\">Uusia j\u00e4seni\u00e4 keskiviikkona<\/a><\/li>\n<li><a title=\"Permalink to Aurinko paistoi ja vett\u00e4 satoi tiistaina\" href=\"http:\/\/uumajalaiset.se\/?p=3275\" rel=\"bookmark\">Aurinko paistoi ja vett\u00e4 satoi tiistaina<\/a><\/li>\n<li><a title=\"Permalink to Uusi viikko kes\u00e4kahvilassa\" href=\"http:\/\/uumajalaiset.se\/?p=3266\" rel=\"bookmark\">Uusi viikko taas kes\u00e4kahvilassa<\/a><\/li>\n<li><a title=\"Permalink to Perjantain kes\u00e4kahvilassa paistoi taas aurinko\" href=\"http:\/\/uumajalaiset.se\/?p=3231\" rel=\"bookmark\">Perjantain kes\u00e4kahvilassa paistoi taas aurinko<\/a><\/li>\n<li><a title=\"Permalink to Sade yll\u00e4tti torstaina\" href=\"http:\/\/uumajalaiset.se\/?p=3210\" rel=\"bookmark\">Sade yll\u00e4tti torstaina<\/a><\/li>\n<li><a title=\"Permalink to Kes\u00e4kahvilan kolmas keskiviikko\" href=\"http:\/\/uumajalaiset.se\/?p=3185\" rel=\"bookmark\">Kes\u00e4kahvilan kolmas keskiviikko<\/a><\/li>\n<li><a title=\"Permalink to Tiistaina m\u00f6kist\u00e4 tuli leipomo\" href=\"http:\/\/uumajalaiset.se\/?p=3153\" rel=\"bookmark\">Tiistaina m\u00f6kist\u00e4 tuli leipomo<\/a><\/li>\n<li><a title=\"Permalink to Maanantaina suunniteltiin tiistain Lasitaloa\" href=\"http:\/\/uumajalaiset.se\/?p=3124\" rel=\"bookmark\">Maanantaina suunniteltiin tiistain Lasitaloa<\/a><\/li>\n<li><a title=\"Permalink to Vesiongelmia\" href=\"http:\/\/uumajalaiset.se\/?p=3105\" rel=\"bookmark\">Vesiongelmia<\/a><\/li>\n<li><a title=\"Permalink to Sateisen tiistain huveja\" href=\"http:\/\/uumajalaiset.se\/?p=3096\" rel=\"bookmark\">Sateisen tiistain huveja<\/a><\/li>\n<li><a title=\"Permalink to Uusi viikko kes\u00e4kahvilassa\" href=\"http:\/\/uumajalaiset.se\/?p=3075\" rel=\"bookmark\">Uusi viikko kes\u00e4kahvilassa<\/a><\/li>\n<li><a title=\"Permalink to Suven ja runon p\u00e4iv\u00e4\" href=\"http:\/\/uumajalaiset.se\/?p=3025\" rel=\"bookmark\">Suven ja runon p\u00e4iv\u00e4<\/a><\/li>\n<li><a title=\"Permalink to Torstai kes\u00e4kahvilassa\" href=\"http:\/\/uumajalaiset.se\/?p=3015\" rel=\"bookmark\">Torstai kes\u00e4kahvilassa<\/a><\/li>\n<li><a title=\"Permalink to Suomalaisia vieraita kes\u00e4kahvilassa\" href=\"http:\/\/uumajalaiset.se\/?p=3004\" rel=\"bookmark\">Suomalaisia vieraita kes\u00e4kahvilassa<\/a><\/li>\n<li><a title=\"Permalink to Kulttuurip\u00e4\u00e4kaupunkivuosi 2014 kes\u00e4kahvilan keskustelun aiheena\" href=\"http:\/\/uumajalaiset.se\/?p=2982\" rel=\"bookmark\">Kulttuurip\u00e4\u00e4kaupunkivuosi 2014 kes\u00e4kahvilan keskustelun aiheena<\/a><\/li>\n<li><a title=\"Permalink to Kahvilap\u00e4iv\u00e4st\u00e4 tuli ty\u00f6p\u00e4iv\u00e4\" href=\"http:\/\/uumajalaiset.se\/?p=2963\" rel=\"bookmark\">Kahvilap\u00e4iv\u00e4st\u00e4 tuli ty\u00f6p\u00e4iv\u00e4<\/a><\/li>\n<li><a title=\"Permalink to Sateinen ja hiljainen torstai kes\u00e4kahvilassa\" href=\"http:\/\/uumajalaiset.se\/?p=2943\" rel=\"bookmark\">Sateinen ja hiljainen torstai kes\u00e4kahvilassa<\/a><\/li>\n<li><a title=\"Permalink to Kunnan v\u00e4hemmist\u00f6ty\u00f6ryhm\u00e4 kes\u00e4kahvilan vieraana\" href=\"http:\/\/uumajalaiset.se\/?p=2914\" rel=\"bookmark\">Kunnan v\u00e4hemmist\u00f6ty\u00f6ryhm\u00e4 kes\u00e4kahvilan vieraana<\/a><\/li>\n<li><a title=\"Permalink to Kes\u00e4kahvilan ensimm\u00e4inen tiistai\" href=\"http:\/\/uumajalaiset.se\/?p=2905\" rel=\"bookmark\">Kes\u00e4kahvilan ensimm\u00e4inen tiistai<\/a><\/li>\n<li><a title=\"Permalink to Kes\u00e4kahvila k\u00e4ynnnistyi\" href=\"http:\/\/uumajalaiset.se\/?p=2887\" rel=\"bookmark\">Kes\u00e4kahvila k\u00e4ynnistyi<\/a><\/li>\n<\/ul>\n<p><a href=\"http:\/\/uumajalaiset.se\/?attachment_id=3103\" rel=\"attachment wp-att-3103\"><img loading=\"lazy\" decoding=\"async\" class=\"alignnone size-full wp-image-3103\" title=\"kes\u00e4kahvila_done\" alt=\"\" src=\"http:\/\/media.uumajalaiset.se\/2012\/07\/kes\u00e4kahvila_done.jpg\" width=\"500\" height=\"416\" srcset=\"http:\/\/media.uumajalaiset.se\/2012\/07\/kes\u00e4kahvila_done.jpg 500w, http:\/\/media.uumajalaiset.se\/2012\/07\/kes\u00e4kahvila_done-150x124.jpg 150w, http:\/\/media.uumajalaiset.se\/2012\/07\/kes\u00e4kahvila_done-300x249.jpg 300w, http:\/\/media.uumajalaiset.se\/2012\/07\/kes\u00e4kahvila_done-450x375.jpg 450w, http:\/\/media.uumajalaiset.se\/2012\/07\/kes\u00e4kahvila_done-360x300.jpg 360w\" sizes=\"auto, (max-width: 500px) 100vw, 500px\" \/><\/a><\/p>\n","protected":false},"excerpt":{"rendered":"<p>&nbsp; Kes\u00e4taidekahvila sulki ovensa t\u00e4lt\u00e4 kes\u00e4\u00e4 Toiseksi viimeinen kes\u00e4kahvilap\u00e4iv\u00e4 Kes\u00e4kahvilan viimeinen keskiviikko Tiistaikahvilassa sy\u00f6tiin lohisoppaa Kes\u00e4kahvilan viimeinen maanantai Viikon vilkkain kes\u00e4kahvilap\u00e4iv\u00e4 Maanantaikahvila Perjantain kahvila Torstaip\u00e4iv\u00e4 kahvilassa Keskiviikon kahvilap\u00e4iv\u00e4 Kes\u00e4kahvilan tiistai oli yhdess\u00e4oloa Nollapiste kes\u00e4kahvilassa J\u00e4tski\u00e4 ja sulkapalloilua perjantain kes\u00e4kahvilassa Hiljainen &hellip; <a href=\"https:\/\/uumajalaiset.se\/?page_id=2975\">L\u00e4s mer <span class=\"meta-nav\">&rarr;<\/span><\/a><\/p>\n","protected":false},"author":1,"featured_media":0,"parent":0,"menu_order":0,"comment_status":"closed","ping_status":"open","template":"","meta":{"footnotes":""},"class_list":["post-2975","page","type-page","status-publish","hentry"],"_links":{"self":[{"href":"https:\/\/uumajalaiset.se\/index.php?rest_route=\/wp\/v2\/pages\/2975","targetHints":{"allow":["GET"]}}],"collection":[{"href":"https:\/\/uumajalaiset.se\/index.php?rest_route=\/wp\/v2\/pages"}],"about":[{"href":"https:\/\/uumajalaiset.se\/index.php?rest_route=\/wp\/v2\/types\/page"}],"author":[{"embeddable":true,"href":"https:\/\/uumajalaiset.se\/index.php?rest_route=\/wp\/v2\/users\/1"}],"replies":[{"embeddable":true,"href":"https:\/\/uumajalaiset.se\/index.php?rest_route=%2Fwp%2Fv2%2Fcomments&post=2975"}],"version-history":[{"count":36,"href":"https:\/\/uumajalaiset.se\/index.php?rest_route=\/wp\/v2\/pages\/2975\/revisions"}],"predecessor-version":[{"id":7868,"href":"https:\/\/uumajalaiset.se\/index.php?rest_route=\/wp\/v2\/pages\/2975\/revisions\/7868"}],"wp:attachment":[{"href":"https:\/\/uumajalaiset.se\/index.php?rest_route=%2Fwp%2Fv2%2Fmedia&parent=2975"}],"curies":[{"name":"wp","href":"https:\/\/api.w.org\/{rel}","templated":true}]}}